{"id":3150,"date":"2021-01-09T15:45:07","date_gmt":"2021-01-09T14:45:07","guid":{"rendered":"https:\/\/www.tu-to.org\/?page_id=3150"},"modified":"2021-01-09T15:53:34","modified_gmt":"2021-01-09T14:53:34","slug":"news","status":"publish","type":"page","link":"https:\/\/www.tu-to.org\/en\/news\/","title":{"rendered":"News"},"content":{"rendered":"<ul class=\"wp-block-latest-posts__list has-dates wp-block-latest-posts\"><li><div class=\"wp-block-latest-posts__featured-image alignleft\"><a href=\"https:\/\/www.tu-to.org\/en\/10-jahre-tugende-together\/\" aria-label=\"10 Jahre Tugende Together\"><img loading=\"lazy\" decoding=\"async\" width=\"150\" height=\"150\" src=\"https:\/\/www.tu-to.org\/wp-content\/uploads\/2024\/07\/WhatsApp-Image-2024-07-27-at-08.03.43-150x150.jpeg\" class=\"attachment-thumbnail size-thumbnail wp-post-image\" alt=\"\" style=\"\" srcset=\"https:\/\/www.tu-to.org\/wp-content\/uploads\/2024\/07\/WhatsApp-Image-2024-07-27-at-08.03.43-150x150.jpeg 150w, https:\/\/www.tu-to.org\/wp-content\/uploads\/2024\/07\/WhatsApp-Image-2024-07-27-at-08.03.43-800x800.jpeg 800w\" sizes=\"auto, (max-width: 150px) 100vw, 150px\" \/><\/a><\/div><a class=\"wp-block-latest-posts__post-title\" href=\"https:\/\/www.tu-to.org\/en\/10-jahre-tugende-together\/\">10 Jahre Tugende Together<\/a><time datetime=\"2024-07-28T12:03:16+02:00\" class=\"wp-block-latest-posts__post-date\">28. July 2024<\/time><div class=\"wp-block-latest-posts__post-excerpt\">10 Jahre und viele Erfolge &#8211; das geh\u00f6rt gefeiert! Wir haben dieses Wochenende das Tugende Together Jubil\u00e4um in Hall gefeiert<\/div><\/li>\n<li><div class=\"wp-block-latest-posts__featured-image alignleft\"><a href=\"https:\/\/www.tu-to.org\/en\/water-school-ein-status-quo\/\" aria-label=\"Water School &#8211; Ein Status Quo\"><img loading=\"lazy\" decoding=\"async\" width=\"150\" height=\"150\" src=\"https:\/\/www.tu-to.org\/wp-content\/uploads\/2023\/05\/378A1649-150x150.jpg\" class=\"attachment-thumbnail size-thumbnail wp-post-image\" alt=\"\" style=\"\" srcset=\"https:\/\/www.tu-to.org\/wp-content\/uploads\/2023\/05\/378A1649-150x150.jpg 150w, https:\/\/www.tu-to.org\/wp-content\/uploads\/2023\/05\/378A1649-800x800.jpg 800w\" sizes=\"auto, (max-width: 150px) 100vw, 150px\" \/><\/a><\/div><a class=\"wp-block-latest-posts__post-title\" href=\"https:\/\/www.tu-to.org\/en\/water-school-ein-status-quo\/\">Water School &#8211; Ein Status Quo<\/a><time datetime=\"2023-11-06T19:45:41+01:00\" class=\"wp-block-latest-posts__post-date\">6. November 2023<\/time><div class=\"wp-block-latest-posts__post-excerpt\">In Zusammenarbeit mit Advocacy for Water and Environment Conservation (AWEC) und unter der Schirmherrschaft von Swarovski Water School (SWS) hat TuTo das Water School Programm 2021 gegr\u00fcndet.<\/div><\/li>\n<li><div class=\"wp-block-latest-posts__featured-image alignleft\"><a href=\"https:\/\/www.tu-to.org\/en\/tuto-schuetzling-zu-schulsprecherin-gewaehlt\/\" aria-label=\"TuTo student elected as head girl of her school\"><img loading=\"lazy\" decoding=\"async\" width=\"150\" height=\"150\" src=\"https:\/\/www.tu-to.org\/wp-content\/uploads\/2023\/05\/Nakyesa-Fatiina-150x150.jpg\" class=\"attachment-thumbnail size-thumbnail wp-post-image\" alt=\"\" style=\"\" srcset=\"https:\/\/www.tu-to.org\/wp-content\/uploads\/2023\/05\/Nakyesa-Fatiina-150x150.jpg 150w, https:\/\/www.tu-to.org\/wp-content\/uploads\/2023\/05\/Nakyesa-Fatiina-800x800.jpg 800w\" sizes=\"auto, (max-width: 150px) 100vw, 150px\" \/><\/a><\/div><a class=\"wp-block-latest-posts__post-title\" href=\"https:\/\/www.tu-to.org\/en\/tuto-schuetzling-zu-schulsprecherin-gewaehlt\/\">TuTo student elected as head girl of her school<\/a><time datetime=\"2023-05-15T15:01:07+02:00\" class=\"wp-block-latest-posts__post-date\">15. May 2023<\/time><div class=\"wp-block-latest-posts__post-excerpt\">Nakyesa Fatiina\u00a0zeichnete sich schon immer durch ihren Ehrgeiz und ihre hohe Motivation aus. Wir freuen uns daher sehr euch mitteilen zu d\u00fcrfen, dass sie ebenfalls als Schulsprecherin der Schule Hands of Hope in Uganda gew\u00e4hlt wurde.<\/div><\/li>\n<li><div class=\"wp-block-latest-posts__featured-image alignleft\"><a href=\"https:\/\/www.tu-to.org\/en\/preisgekroentes-tuto-mitglied%ef%bf%bc\/\" aria-label=\"Award winning TuTo Member\"><img loading=\"lazy\" decoding=\"async\" width=\"150\" height=\"150\" src=\"https:\/\/www.tu-to.org\/wp-content\/uploads\/2023\/02\/Neues-Projekt-2-150x150.jpg\" class=\"attachment-thumbnail size-thumbnail wp-post-image\" alt=\"\" style=\"\" \/><\/a><\/div><a class=\"wp-block-latest-posts__post-title\" href=\"https:\/\/www.tu-to.org\/en\/preisgekroentes-tuto-mitglied%ef%bf%bc\/\">Award winning TuTo Member<\/a><time datetime=\"2023-02-15T14:56:00+01:00\" class=\"wp-block-latest-posts__post-date\">15. February 2023<\/time><div class=\"wp-block-latest-posts__post-excerpt\">Ganz besonders stolz d\u00fcrfen wir euch von der Auszeichnung unseres Kassiers in Uganda, Ben Baguma, berichten. Ben wurde vom Accelerated Mentorship Award als Produzent des Jahres 2022 ausgezeichnet.<\/div><\/li>\n<li><div class=\"wp-block-latest-posts__featured-image alignleft\"><a href=\"https:\/\/www.tu-to.org\/en\/spenden-sind-absetzbar\/\" aria-label=\"Spenden sind absetzbar\"><img loading=\"lazy\" decoding=\"async\" width=\"150\" height=\"150\" src=\"https:\/\/www.tu-to.org\/wp-content\/uploads\/2021\/01\/KYAKWISE-SAMUEL_Red-Charity-150x150.jpg\" class=\"attachment-thumbnail size-thumbnail wp-post-image\" alt=\"\" style=\"\" srcset=\"https:\/\/www.tu-to.org\/wp-content\/uploads\/2021\/01\/KYAKWISE-SAMUEL_Red-Charity-150x150.jpg 150w, https:\/\/www.tu-to.org\/wp-content\/uploads\/2021\/01\/KYAKWISE-SAMUEL_Red-Charity-800x800.jpg 800w, https:\/\/www.tu-to.org\/wp-content\/uploads\/2021\/01\/KYAKWISE-SAMUEL_Red-Charity-50x50.jpg 50w\" sizes=\"auto, (max-width: 150px) 100vw, 150px\" \/><\/a><\/div><a class=\"wp-block-latest-posts__post-title\" href=\"https:\/\/www.tu-to.org\/en\/spenden-sind-absetzbar\/\">Spenden sind absetzbar<\/a><time datetime=\"2022-10-19T09:12:55+02:00\" class=\"wp-block-latest-posts__post-date\">19. October 2022<\/time><div class=\"wp-block-latest-posts__post-excerpt\">Ab August 2022 sind Spenden f\u00fcr Tugende Together in \u00d6sterreich von der Steuer absetzbar. Die Spenden m\u00fcsst ihr nicht selbst melden, sie werden von uns an das Finanzamt weitergeleitet.<\/div><\/li>\n<li><div class=\"wp-block-latest-posts__featured-image alignleft\"><a href=\"https:\/\/www.tu-to.org\/en\/die-volksschule-ist-in-betrieb\/\" aria-label=\"TuTo Primary School is running\"><img loading=\"lazy\" decoding=\"async\" width=\"150\" height=\"150\" src=\"https:\/\/www.tu-to.org\/wp-content\/uploads\/2022\/10\/WhatsApp-Image-2022-08-03-at-22.21.22-150x150.jpeg\" class=\"attachment-thumbnail size-thumbnail wp-post-image\" alt=\"\" style=\"\" \/><\/a><\/div><a class=\"wp-block-latest-posts__post-title\" href=\"https:\/\/www.tu-to.org\/en\/die-volksschule-ist-in-betrieb\/\">TuTo Primary School is running<\/a><time datetime=\"2022-04-19T08:14:00+02:00\" class=\"wp-block-latest-posts__post-date\">19. April 2022<\/time><div class=\"wp-block-latest-posts__post-excerpt\">Der Campus der TuTo Junior School wurde um 3 Volksschulklassen und eine Bibliothek erweitert.<\/div><\/li>\n<li><div class=\"wp-block-latest-posts__featured-image alignleft\"><a href=\"https:\/\/www.tu-to.org\/en\/fortschritt-schulbau\/\" aria-label=\"Progress construction TuTo Primary School\"><img loading=\"lazy\" decoding=\"async\" width=\"150\" height=\"150\" src=\"https:\/\/www.tu-to.org\/wp-content\/uploads\/2022\/03\/PHOTO-2022-02-25-16-19-07-2-150x150.jpg\" class=\"attachment-thumbnail size-thumbnail wp-post-image\" alt=\"\" style=\"\" srcset=\"https:\/\/www.tu-to.org\/wp-content\/uploads\/2022\/03\/PHOTO-2022-02-25-16-19-07-2-150x150.jpg 150w, https:\/\/www.tu-to.org\/wp-content\/uploads\/2022\/03\/PHOTO-2022-02-25-16-19-07-2-800x800.jpg 800w, https:\/\/www.tu-to.org\/wp-content\/uploads\/2022\/03\/PHOTO-2022-02-25-16-19-07-2-50x50.jpg 50w\" sizes=\"auto, (max-width: 150px) 100vw, 150px\" \/><\/a><\/div><a class=\"wp-block-latest-posts__post-title\" href=\"https:\/\/www.tu-to.org\/en\/fortschritt-schulbau\/\">Progress construction TuTo Primary School<\/a><time datetime=\"2022-03-23T16:36:54+01:00\" class=\"wp-block-latest-posts__post-date\">23. March 2022<\/time><div class=\"wp-block-latest-posts__post-excerpt\"><\/div><\/li>\n<li><div class=\"wp-block-latest-posts__featured-image alignleft\"><a href=\"https:\/\/www.tu-to.org\/en\/unsere-neuen-lehrerinnen\/\" aria-label=\"Our new teachers\"><img loading=\"lazy\" decoding=\"async\" width=\"150\" height=\"150\" src=\"https:\/\/www.tu-to.org\/wp-content\/uploads\/2022\/02\/Neues-Projekt-2-150x150.jpg\" class=\"attachment-thumbnail size-thumbnail wp-post-image\" alt=\"\" style=\"\" srcset=\"https:\/\/www.tu-to.org\/wp-content\/uploads\/2022\/02\/Neues-Projekt-2-150x150.jpg 150w, https:\/\/www.tu-to.org\/wp-content\/uploads\/2022\/02\/Neues-Projekt-2-50x50.jpg 50w\" sizes=\"auto, (max-width: 150px) 100vw, 150px\" \/><\/a><\/div><a class=\"wp-block-latest-posts__post-title\" href=\"https:\/\/www.tu-to.org\/en\/unsere-neuen-lehrerinnen\/\">Our new teachers<\/a><time datetime=\"2022-02-23T16:04:00+01:00\" class=\"wp-block-latest-posts__post-date\">23. February 2022<\/time><div class=\"wp-block-latest-posts__post-excerpt\">Wir freuen uns sehr, euch unsere neuen LehrerInnen der TuTo Primary School vorstellen zu d\u00fcrfen.<\/div><\/li>\n<li><div class=\"wp-block-latest-posts__featured-image alignleft\"><a href=\"https:\/\/www.tu-to.org\/en\/back-to-school\/\" aria-label=\"Back to school\"><img loading=\"lazy\" decoding=\"async\" width=\"150\" height=\"150\" src=\"https:\/\/www.tu-to.org\/wp-content\/uploads\/2022\/03\/1-150x150.jpg\" class=\"attachment-thumbnail size-thumbnail wp-post-image\" alt=\"\" style=\"\" srcset=\"https:\/\/www.tu-to.org\/wp-content\/uploads\/2022\/03\/1-150x150.jpg 150w, https:\/\/www.tu-to.org\/wp-content\/uploads\/2022\/03\/1-50x50.jpg 50w\" sizes=\"auto, (max-width: 150px) 100vw, 150px\" \/><\/a><\/div><a class=\"wp-block-latest-posts__post-title\" href=\"https:\/\/www.tu-to.org\/en\/back-to-school\/\">Back to school<\/a><time datetime=\"2022-02-01T15:49:00+01:00\" class=\"wp-block-latest-posts__post-date\">1. February 2022<\/time><div class=\"wp-block-latest-posts__post-excerpt\">Wir freuen uns sehr, euch berichten zu k\u00f6nnen, dass bereits Mitte J\u00e4nner 2022 alle Schulen Ugandas nach 83 Wochen Lockdown wieder ge\u00f6ffnet wurden. Die meisten unserer Kinder und Jugendlichen haben sich sehr auf die R\u00fcckkehr gefreut.<\/div><\/li>\n<li><div class=\"wp-block-latest-posts__featured-image alignleft\"><a href=\"https:\/\/www.tu-to.org\/en\/plaene-zur-wiederoeffnung-der-schulen-in-uganda-update-september-2021\/\" aria-label=\"Plans to reopen schools in Uganda \u2013 UPDATE SEPTEMBER 2021\"><img loading=\"lazy\" decoding=\"async\" width=\"150\" height=\"150\" src=\"https:\/\/www.tu-to.org\/wp-content\/uploads\/2021\/01\/NELSON-MANDELA_Kerstin-Andert-150x150.jpg\" class=\"attachment-thumbnail size-thumbnail wp-post-image\" alt=\"\" style=\"\" srcset=\"https:\/\/www.tu-to.org\/wp-content\/uploads\/2021\/01\/NELSON-MANDELA_Kerstin-Andert-150x150.jpg 150w, https:\/\/www.tu-to.org\/wp-content\/uploads\/2021\/01\/NELSON-MANDELA_Kerstin-Andert-800x800.jpg 800w, https:\/\/www.tu-to.org\/wp-content\/uploads\/2021\/01\/NELSON-MANDELA_Kerstin-Andert-50x50.jpg 50w\" sizes=\"auto, (max-width: 150px) 100vw, 150px\" \/><\/a><\/div><a class=\"wp-block-latest-posts__post-title\" href=\"https:\/\/www.tu-to.org\/en\/plaene-zur-wiederoeffnung-der-schulen-in-uganda-update-september-2021\/\">Plans to reopen schools in Uganda \u2013 UPDATE SEPTEMBER 2021<\/a><time datetime=\"2021-09-28T17:32:08+02:00\" class=\"wp-block-latest-posts__post-date\">28. September 2021<\/time><div class=\"wp-block-latest-posts__post-excerpt\">Da die Schulen in Uganda nach offizieller Regierungsmitteilung erst im Januar 2022 wieder ge\u00f6ffnet werden d\u00fcrfen, planen wir, unser privates Home-Schooling-Programm f\u00fcr alle unsere Sch\u00fcler*innen auszuweiten.\u00a0<\/div><\/li>\n<li><div class=\"wp-block-latest-posts__featured-image alignleft\"><a href=\"https:\/\/www.tu-to.org\/en\/spatenstich-fuer-bau-der-volksschule\/\" aria-label=\"Start of construction for TuTo lower primary school\"><img loading=\"lazy\" decoding=\"async\" width=\"150\" height=\"150\" src=\"https:\/\/www.tu-to.org\/wp-content\/uploads\/2021\/09\/01298d5f-6abc-4b0d-92a8-2b76ca3bded3-150x150.jpg\" class=\"attachment-thumbnail size-thumbnail wp-post-image\" alt=\"\" style=\"\" srcset=\"https:\/\/www.tu-to.org\/wp-content\/uploads\/2021\/09\/01298d5f-6abc-4b0d-92a8-2b76ca3bded3-150x150.jpg 150w, https:\/\/www.tu-to.org\/wp-content\/uploads\/2021\/09\/01298d5f-6abc-4b0d-92a8-2b76ca3bded3-50x50.jpg 50w\" sizes=\"auto, (max-width: 150px) 100vw, 150px\" \/><\/a><\/div><a class=\"wp-block-latest-posts__post-title\" href=\"https:\/\/www.tu-to.org\/en\/spatenstich-fuer-bau-der-volksschule\/\">Start of construction for TuTo lower primary school<\/a><time datetime=\"2021-08-28T17:25:00+02:00\" class=\"wp-block-latest-posts__post-date\">28. August 2021<\/time><div class=\"wp-block-latest-posts__post-excerpt\">Wir freuen uns sehr euch zu berichten, dass wir mit dem Bau der TuTo Lower Primary School (\u201eVolksschule\u201c) begonnen haben.\u00a0<\/div><\/li>\n<li><div class=\"wp-block-latest-posts__featured-image alignleft\"><a href=\"https:\/\/www.tu-to.org\/en\/lets-play-ein-spielplatz-fuer-die-tuto-junior-school\/\" aria-label=\"Let&#8217;s play: a playground for TuTo Junior School\"><img loading=\"lazy\" decoding=\"async\" width=\"150\" height=\"150\" src=\"https:\/\/www.tu-to.org\/wp-content\/uploads\/2021\/07\/Bildschirmfoto-2021-07-10-um-12.54.08-150x150.png\" class=\"attachment-thumbnail size-thumbnail wp-post-image\" alt=\"\" style=\"\" srcset=\"https:\/\/www.tu-to.org\/wp-content\/uploads\/2021\/07\/Bildschirmfoto-2021-07-10-um-12.54.08-150x150.png 150w, https:\/\/www.tu-to.org\/wp-content\/uploads\/2021\/07\/Bildschirmfoto-2021-07-10-um-12.54.08-50x50.png 50w\" sizes=\"auto, (max-width: 150px) 100vw, 150px\" \/><\/a><\/div><a class=\"wp-block-latest-posts__post-title\" href=\"https:\/\/www.tu-to.org\/en\/lets-play-ein-spielplatz-fuer-die-tuto-junior-school\/\">Let&#8217;s play: a playground for TuTo Junior School<\/a><time datetime=\"2021-07-10T12:58:15+02:00\" class=\"wp-block-latest-posts__post-date\">10. July 2021<\/time><div class=\"wp-block-latest-posts__post-excerpt\">Die TuTo Junior School hat einen Spielplatz. Rutsche, Schaukel und mehr sollen f\u00fcr Spa\u00df und Ausgleich sorgen! Unsere Sch\u00fcler*innen konnten ihn vor dem neuerlichen Lockdown schon ein wenig ausprobieren und hatten bereits sehr viel Freude damit.\u00a0<\/div><\/li>\n<li><div class=\"wp-block-latest-posts__featured-image alignleft\"><a href=\"https:\/\/www.tu-to.org\/en\/zusammenarbeit-auf-allen-ebenen-der-elternverein-nairika\/\" aria-label=\"Cooperation on every level: TuTo Nairika Parents\u2019 Association\"><img loading=\"lazy\" decoding=\"async\" width=\"150\" height=\"150\" src=\"https:\/\/www.tu-to.org\/wp-content\/uploads\/2018\/06\/Elternvereinssitzung-150x150.jpg\" class=\"attachment-thumbnail size-thumbnail wp-post-image\" alt=\"\" style=\"\" srcset=\"https:\/\/www.tu-to.org\/wp-content\/uploads\/2018\/06\/Elternvereinssitzung-150x150.jpg 150w, https:\/\/www.tu-to.org\/wp-content\/uploads\/2018\/06\/Elternvereinssitzung-800x800.jpg 800w, https:\/\/www.tu-to.org\/wp-content\/uploads\/2018\/06\/Elternvereinssitzung-50x50.jpg 50w\" sizes=\"auto, (max-width: 150px) 100vw, 150px\" \/><\/a><\/div><a class=\"wp-block-latest-posts__post-title\" href=\"https:\/\/www.tu-to.org\/en\/zusammenarbeit-auf-allen-ebenen-der-elternverein-nairika\/\">Cooperation on every level: TuTo Nairika Parents\u2019 Association<\/a><time datetime=\"2021-07-04T13:25:00+02:00\" class=\"wp-block-latest-posts__post-date\">4. July 2021<\/time><div class=\"wp-block-latest-posts__post-excerpt\">2017 gr\u00fcndeten zwei engagierte Eltern (Herr Ngobi Constantine und Herr Lukongwa Fred) den eigenen &#8220;TuTo Nairika Elternverein&#8221; (\u201eTuTo Nairika Parents\u2018 Association\u201c). Eigenst\u00e4ndig organisiert und mit gro\u00dfer Motivation sind bereits 43 Eltern dem Verein beigetreten. Die Mitgliedschaft steht allen TuTo-Eltern offen und alle Mitglieder sind vielf\u00e4ltig aktiv geworden.<\/div><\/li>\n<li><div class=\"wp-block-latest-posts__featured-image alignleft\"><a href=\"https:\/\/www.tu-to.org\/en\/striving-for-a-difference-unser-neues-imagevideo\/\" aria-label=\"Striving for a difference &#8211; unser neues Imagevideo\"><img loading=\"lazy\" decoding=\"async\" width=\"150\" height=\"150\" src=\"https:\/\/www.tu-to.org\/wp-content\/uploads\/2021\/03\/waterschool-150x150.png\" class=\"attachment-thumbnail size-thumbnail wp-post-image\" alt=\"\" style=\"\" srcset=\"https:\/\/www.tu-to.org\/wp-content\/uploads\/2021\/03\/waterschool-150x150.png 150w, https:\/\/www.tu-to.org\/wp-content\/uploads\/2021\/03\/waterschool-50x50.png 50w\" sizes=\"auto, (max-width: 150px) 100vw, 150px\" \/><\/a><\/div><a class=\"wp-block-latest-posts__post-title\" href=\"https:\/\/www.tu-to.org\/en\/striving-for-a-difference-unser-neues-imagevideo\/\">Striving for a difference &#8211; unser neues Imagevideo<\/a><time datetime=\"2021-03-28T11:34:11+02:00\" class=\"wp-block-latest-posts__post-date\">28. March 2021<\/time><div class=\"wp-block-latest-posts__post-excerpt\">In unserem neuen Imagevideo zeigen wir wie wir arbeiten, und was wir bereits erreicht haben und was wir noch vorhaben: Einen wirklichen Unterschied machen.<\/div><\/li>\n<li><div class=\"wp-block-latest-posts__featured-image alignleft\"><a href=\"https:\/\/www.tu-to.org\/en\/wir-stellen-vor-unsere-neue-buchhalterin-sharon-mbakire\/\" aria-label=\"Wir stellen vor: unsere neue Buchhalterin \u2013 Sharon Mbakire\"><img loading=\"lazy\" decoding=\"async\" width=\"150\" height=\"150\" src=\"https:\/\/www.tu-to.org\/wp-content\/uploads\/2021\/04\/shannon-150x150.jpg\" class=\"attachment-thumbnail size-thumbnail wp-post-image\" alt=\"\" style=\"\" srcset=\"https:\/\/www.tu-to.org\/wp-content\/uploads\/2021\/04\/shannon-150x150.jpg 150w, https:\/\/www.tu-to.org\/wp-content\/uploads\/2021\/04\/shannon-50x50.jpg 50w\" sizes=\"auto, (max-width: 150px) 100vw, 150px\" \/><\/a><\/div><a class=\"wp-block-latest-posts__post-title\" href=\"https:\/\/www.tu-to.org\/en\/wir-stellen-vor-unsere-neue-buchhalterin-sharon-mbakire\/\">Wir stellen vor: unsere neue Buchhalterin \u2013 Sharon Mbakire<\/a><time datetime=\"2021-03-25T16:48:00+01:00\" class=\"wp-block-latest-posts__post-date\">25. March 2021<\/time><div class=\"wp-block-latest-posts__post-excerpt\">Wir freuen uns sehr, euch unsere neue Chefin der Buchhaltung von TuTo Uganda vorstellen zu d\u00fcrfen: Sharon hat bereits im J\u00e4nner 2021 ihr T\u00e4tigkeit bei TuTo Uganda gestartet. Sie ist 25 Jahre alt und hat an der Makerere Universit\u00e4t einen Bachelor-Abschluss in Betriebswirtschaftslehre\/Unternehmensverwaltung absolviert.&nbsp;<\/div><\/li>\n<li><div class=\"wp-block-latest-posts__featured-image alignleft\"><a href=\"https:\/\/www.tu-to.org\/en\/workshop-waterschool\/\" aria-label=\"Start of first Workshop of Swarovski Waterschool Project\"><img loading=\"lazy\" decoding=\"async\" width=\"150\" height=\"150\" src=\"https:\/\/www.tu-to.org\/wp-content\/uploads\/2021\/04\/waterschool-150x150.jpg\" class=\"attachment-thumbnail size-thumbnail wp-post-image\" alt=\"\" style=\"\" srcset=\"https:\/\/www.tu-to.org\/wp-content\/uploads\/2021\/04\/waterschool-150x150.jpg 150w, https:\/\/www.tu-to.org\/wp-content\/uploads\/2021\/04\/waterschool-50x50.jpg 50w\" sizes=\"auto, (max-width: 150px) 100vw, 150px\" \/><\/a><\/div><a class=\"wp-block-latest-posts__post-title\" href=\"https:\/\/www.tu-to.org\/en\/workshop-waterschool\/\">Start of first Workshop of Swarovski Waterschool Project<\/a><time datetime=\"2021-03-21T16:28:00+01:00\" class=\"wp-block-latest-posts__post-date\">21. March 2021<\/time><div class=\"wp-block-latest-posts__post-excerpt\">In mid-January the first workshop of the Swarovski Water School started, co-organized by TuTo Uganda. 52 TuTo beneficiaries from Nairika and 48 kids from TuTo Junior School in Busesa participate and learn about water, hygiene, sanitation and environmental conservation. The Swarovski Water School aims to address global water problems through education and resource allocation. The\u2026 <a class=\"wp-block-latest-posts__read-more\" href=\"https:\/\/www.tu-to.org\/en\/workshop-waterschool\/\" rel=\"noopener noreferrer\">Read more<span class=\"screen-reader-text\">: Start of first Workshop of Swarovski Waterschool Project<\/span><\/a><\/div><\/li>\n<li><div class=\"wp-block-latest-posts__featured-image alignleft\"><a href=\"https:\/\/www.tu-to.org\/en\/schulen-in-uganda-teilweise-wieder-geoeffnet\/\" aria-label=\"PARTIAL SCHOOL OPENING IN UGANDA \u2013 MARCH 2021\"><img loading=\"lazy\" decoding=\"async\" width=\"150\" height=\"150\" src=\"https:\/\/www.tu-to.org\/wp-content\/uploads\/2021\/03\/school-openings-150x150.jpg\" class=\"attachment-thumbnail size-thumbnail wp-post-image\" alt=\"\" style=\"\" srcset=\"https:\/\/www.tu-to.org\/wp-content\/uploads\/2021\/03\/school-openings-150x150.jpg 150w, https:\/\/www.tu-to.org\/wp-content\/uploads\/2021\/03\/school-openings-50x50.jpg 50w\" sizes=\"auto, (max-width: 150px) 100vw, 150px\" \/><\/a><\/div><a class=\"wp-block-latest-posts__post-title\" href=\"https:\/\/www.tu-to.org\/en\/schulen-in-uganda-teilweise-wieder-geoeffnet\/\">PARTIAL SCHOOL OPENING IN UGANDA \u2013 MARCH 2021<\/a><time datetime=\"2021-03-14T16:54:00+01:00\" class=\"wp-block-latest-posts__post-date\">14. March 2021<\/time><div class=\"wp-block-latest-posts__post-excerpt\">Seit M\u00e4rz k\u00f6nnen nicht nur die Sch\u00fcler*innen und Student*innen der Abschlussklassen, sondern auch weitere h\u00f6here Schulstufen den Unterricht wieder vor Ort absolvieren. Die Regierung plant aber Kindern und Jugendlichen in den unteren Stufen den Pr\u00e4senzunterricht bald zu erm\u00f6glichen.<\/div><\/li>\n<li><div class=\"wp-block-latest-posts__featured-image alignleft\"><a href=\"https:\/\/www.tu-to.org\/en\/wir-stellen-vor-unsere-neue-obfrau-von-tuto-uganda-barbra-immaculate-namyalo\/\" aria-label=\"We introduce: our new chairperson of TuTo Uganda &#8211; Barbra Immaculate Namyalo\"><img loading=\"lazy\" decoding=\"async\" width=\"150\" height=\"150\" src=\"https:\/\/www.tu-to.org\/wp-content\/uploads\/2016\/05\/Barbra-150x150.png\" class=\"attachment-thumbnail size-thumbnail wp-post-image\" alt=\"\" style=\"\" srcset=\"https:\/\/www.tu-to.org\/wp-content\/uploads\/2016\/05\/Barbra-150x150.png 150w, https:\/\/www.tu-to.org\/wp-content\/uploads\/2016\/05\/Barbra-300x300.png 300w, https:\/\/www.tu-to.org\/wp-content\/uploads\/2016\/05\/Barbra-768x768.png 768w, https:\/\/www.tu-to.org\/wp-content\/uploads\/2016\/05\/Barbra-800x800.png 800w, https:\/\/www.tu-to.org\/wp-content\/uploads\/2016\/05\/Barbra-50x50.png 50w, https:\/\/www.tu-to.org\/wp-content\/uploads\/2016\/05\/Barbra.png 1000w\" sizes=\"auto, (max-width: 150px) 100vw, 150px\" \/><\/a><\/div><a class=\"wp-block-latest-posts__post-title\" href=\"https:\/\/www.tu-to.org\/en\/wir-stellen-vor-unsere-neue-obfrau-von-tuto-uganda-barbra-immaculate-namyalo\/\">We introduce: our new chairperson of TuTo Uganda &#8211; Barbra Immaculate Namyalo<\/a><time datetime=\"2021-01-31T19:31:00+01:00\" class=\"wp-block-latest-posts__post-date\">31. January 2021<\/time><div class=\"wp-block-latest-posts__post-excerpt\">Wir freuen uns sehr, euch unsere neue Obfrau von TuTo Uganda vorstellen zu d\u00fcrfen: Barbra ist seit Beginn von TuTo mit dabei und bereits seit sechs Jahren Obfrau-Stellvertreterin von TuTo Uganda. Seit J\u00e4nner 2021 hat sie nun die Leitungsfunktion als Obfrau \u00fcbernommen.<\/div><\/li>\n<li><div class=\"wp-block-latest-posts__featured-image alignleft\"><a href=\"https:\/\/www.tu-to.org\/en\/eine-kleine-weihnachtsgeschichte\/\" aria-label=\"Eine kleine Weihnachtsgeschichte\"><img loading=\"lazy\" decoding=\"async\" width=\"150\" height=\"150\" src=\"https:\/\/www.tu-to.org\/wp-content\/uploads\/2021\/01\/Foto-Theo-150x150.jpg\" class=\"attachment-thumbnail size-thumbnail wp-post-image\" alt=\"\" style=\"\" srcset=\"https:\/\/www.tu-to.org\/wp-content\/uploads\/2021\/01\/Foto-Theo-150x150.jpg 150w, https:\/\/www.tu-to.org\/wp-content\/uploads\/2021\/01\/Foto-Theo-50x50.jpg 50w\" sizes=\"auto, (max-width: 150px) 100vw, 150px\" \/><\/a><\/div><a class=\"wp-block-latest-posts__post-title\" href=\"https:\/\/www.tu-to.org\/en\/eine-kleine-weihnachtsgeschichte\/\">Eine kleine Weihnachtsgeschichte<\/a><time datetime=\"2020-12-24T09:08:00+01:00\" class=\"wp-block-latest-posts__post-date\">24. December 2020<\/time><div class=\"wp-block-latest-posts__post-excerpt\">Wenn wir etwas vom 7-j\u00e4hrigen Theo lernen k\u00f6nnen, dann ist es sein gro\u00dfer Sinn f\u00fcr Solidarit\u00e4t.\u00a0Dieses Jahr hat sich Theo nichts f\u00fcr sich zum Geburtstag gew\u00fcnscht. Er wollte das Geld f\u00fcr sein Geschenk (ganze 100 \u20ac!)\u00a0\u00a0lieber an TuTo spenden.<\/div><\/li>\n<li><div class=\"wp-block-latest-posts__featured-image alignleft\"><a href=\"https:\/\/www.tu-to.org\/en\/kooperation-mit-rotary-jede-spende-wird-verdoppelt\/\" aria-label=\"Rotary Cooperation &#8211; Each donation counts twice!\"><img loading=\"lazy\" decoding=\"async\" width=\"150\" height=\"150\" src=\"https:\/\/www.tu-to.org\/wp-content\/uploads\/2020\/12\/Tuto_junior-school-150x150.jpg\" class=\"attachment-thumbnail size-thumbnail wp-post-image\" alt=\"\" style=\"\" srcset=\"https:\/\/www.tu-to.org\/wp-content\/uploads\/2020\/12\/Tuto_junior-school-150x150.jpg 150w, https:\/\/www.tu-to.org\/wp-content\/uploads\/2020\/12\/Tuto_junior-school-800x800.jpg 800w, https:\/\/www.tu-to.org\/wp-content\/uploads\/2020\/12\/Tuto_junior-school-50x50.jpg 50w\" sizes=\"auto, (max-width: 150px) 100vw, 150px\" \/><\/a><\/div><a class=\"wp-block-latest-posts__post-title\" href=\"https:\/\/www.tu-to.org\/en\/kooperation-mit-rotary-jede-spende-wird-verdoppelt\/\">Rotary Cooperation &#8211; Each donation counts twice!<\/a><time datetime=\"2020-12-23T09:16:13+01:00\" class=\"wp-block-latest-posts__post-date\">23. December 2020<\/time><div class=\"wp-block-latest-posts__post-excerpt\">Nachdem wir letztes Jahr erfolgreich unsere Vorschule, die TuTo Junior School, eingeweiht haben, gehen wir nun den n\u00e4chsten Schritt. Gebaut werden vier Klassenr\u00e4ume f\u00fcr die ersten Stufen der sieben Volksschuljahre in Uganda. Au\u00dferdem soll ein Bibliotheksraum errichtet werden.F\u00fcr dieses Projekt konnten wir Rotary als Partner gewinnen.<\/div><\/li>\n<li><div class=\"wp-block-latest-posts__featured-image alignleft\"><a href=\"https:\/\/www.tu-to.org\/en\/sportlich-trotz-krise-fuer-tugende-together\/\" aria-label=\"Athletic despite the crisis for Tugende Together\"><img loading=\"lazy\" decoding=\"async\" width=\"150\" height=\"150\" src=\"https:\/\/www.tu-to.org\/wp-content\/uploads\/2020\/12\/Bildschirmfoto-2020-12-06-um-15.34.17-150x150.png\" class=\"attachment-thumbnail size-thumbnail wp-post-image\" alt=\"\" style=\"\" srcset=\"https:\/\/www.tu-to.org\/wp-content\/uploads\/2020\/12\/Bildschirmfoto-2020-12-06-um-15.34.17-150x150.png 150w, https:\/\/www.tu-to.org\/wp-content\/uploads\/2020\/12\/Bildschirmfoto-2020-12-06-um-15.34.17-50x50.png 50w\" sizes=\"auto, (max-width: 150px) 100vw, 150px\" \/><\/a><\/div><a class=\"wp-block-latest-posts__post-title\" href=\"https:\/\/www.tu-to.org\/en\/sportlich-trotz-krise-fuer-tugende-together\/\">Athletic despite the crisis for Tugende Together<\/a><time datetime=\"2020-11-25T15:36:11+01:00\" class=\"wp-block-latest-posts__post-date\">25. November 2020<\/time><div class=\"wp-block-latest-posts__post-excerpt\">1.000 Euro Erl\u00f6s f\u00fcr TuTo aus Triathlon Wettk\u00e4mpfen &#8211; Martin Mahringer hat mit einigen TuTo Mitgliedern in \u00d6sterreich studiert und unterst\u00fctzt schon seit vielen Jahren den Verein. Er ist staatlich gepr\u00fcfter Diplomtrainer f\u00fcr Triathlon und seit mehreren Jahren nebenberuflich in dieser Funktion t\u00e4tig.<\/div><\/li>\n<li><div class=\"wp-block-latest-posts__featured-image alignleft\"><a href=\"https:\/\/www.tu-to.org\/en\/eine-tuto-erfolgsgeschichte-david-mujunji\/\" aria-label=\"A TuTo success story &#8211; David Mujunji\"><img loading=\"lazy\" decoding=\"async\" width=\"150\" height=\"150\" src=\"https:\/\/www.tu-to.org\/wp-content\/uploads\/2020\/12\/David-Mujuni-150x150.jpg\" class=\"attachment-thumbnail size-thumbnail wp-post-image\" alt=\"\" style=\"\" srcset=\"https:\/\/www.tu-to.org\/wp-content\/uploads\/2020\/12\/David-Mujuni-150x150.jpg 150w, https:\/\/www.tu-to.org\/wp-content\/uploads\/2020\/12\/David-Mujuni-800x800.jpg 800w, https:\/\/www.tu-to.org\/wp-content\/uploads\/2020\/12\/David-Mujuni-50x50.jpg 50w\" sizes=\"auto, (max-width: 150px) 100vw, 150px\" \/><\/a><\/div><a class=\"wp-block-latest-posts__post-title\" href=\"https:\/\/www.tu-to.org\/en\/eine-tuto-erfolgsgeschichte-david-mujunji\/\">A TuTo success story &#8211; David Mujunji<\/a><time datetime=\"2020-10-15T15:12:40+02:00\" class=\"wp-block-latest-posts__post-date\">15. October 2020<\/time><div class=\"wp-block-latest-posts__post-excerpt\">David Mujuni ist einer unserer TuTo-Sch\u00fctzlinge, auf den wir besonders stolz sind. Er ist nicht nur ein herausragender Sch\u00fcler, sondern engagiert sich auch als Schulsprecher f\u00fcr die Interessen seiner Mitsch\u00fcler*innen an der \u201eFort Portal Secondary School\u201c.<\/div><\/li>\n<li><div class=\"wp-block-latest-posts__featured-image alignleft\"><a href=\"https:\/\/www.tu-to.org\/en\/endlich-wieder-zurueck-im-unterricht\/\" aria-label=\"Finally back to school\"><img loading=\"lazy\" decoding=\"async\" width=\"150\" height=\"150\" src=\"https:\/\/www.tu-to.org\/wp-content\/uploads\/2020\/12\/123925682_2784395665128622_7342198176803895074_o-150x150.jpg\" class=\"attachment-thumbnail size-thumbnail wp-post-image\" alt=\"\" style=\"\" srcset=\"https:\/\/www.tu-to.org\/wp-content\/uploads\/2020\/12\/123925682_2784395665128622_7342198176803895074_o-150x150.jpg 150w, https:\/\/www.tu-to.org\/wp-content\/uploads\/2020\/12\/123925682_2784395665128622_7342198176803895074_o-800x800.jpg 800w, https:\/\/www.tu-to.org\/wp-content\/uploads\/2020\/12\/123925682_2784395665128622_7342198176803895074_o-50x50.jpg 50w\" sizes=\"auto, (max-width: 150px) 100vw, 150px\" \/><\/a><\/div><a class=\"wp-block-latest-posts__post-title\" href=\"https:\/\/www.tu-to.org\/en\/endlich-wieder-zurueck-im-unterricht\/\">Finally back to school<\/a><time datetime=\"2020-09-30T15:18:57+02:00\" class=\"wp-block-latest-posts__post-date\">30. September 2020<\/time><div class=\"wp-block-latest-posts__post-excerpt\">Seit 17. September 2020 sind die ersten Sch\u00fcler*innen wieder zur\u00fcck an den Schulen! Der Lockdown in Uganda h\u00e4lt noch an, aber die &#8220;Candidates&#8221; (das sind die Sch\u00fcler*innen der Abschlussklassen) k\u00f6nnen nun wieder am Unterricht teilnehmen. Ihre Abschlusspr\u00fcfungen wurden etwas nach hinten verlegt und finden Anfang n\u00e4chsten Jahres statt.<\/div><\/li>\n<li><div class=\"wp-block-latest-posts__featured-image alignleft\"><a href=\"https:\/\/www.tu-to.org\/en\/covid-19-facts-uganda\/\" aria-label=\"COVID-19 Facts Uganda\"><img loading=\"lazy\" decoding=\"async\" width=\"150\" height=\"150\" src=\"https:\/\/www.tu-to.org\/wp-content\/uploads\/2020\/09\/mika-baumeister-uz_T7h8ds04-unsplash-150x150.jpg\" class=\"attachment-thumbnail size-thumbnail wp-post-image\" alt=\"\" style=\"\" srcset=\"https:\/\/www.tu-to.org\/wp-content\/uploads\/2020\/09\/mika-baumeister-uz_T7h8ds04-unsplash-150x150.jpg 150w, https:\/\/www.tu-to.org\/wp-content\/uploads\/2020\/09\/mika-baumeister-uz_T7h8ds04-unsplash-800x800.jpg 800w, https:\/\/www.tu-to.org\/wp-content\/uploads\/2020\/09\/mika-baumeister-uz_T7h8ds04-unsplash-50x50.jpg 50w\" sizes=\"auto, (max-width: 150px) 100vw, 150px\" \/><\/a><\/div><a class=\"wp-block-latest-posts__post-title\" href=\"https:\/\/www.tu-to.org\/en\/covid-19-facts-uganda\/\">COVID-19 Facts Uganda<\/a><time datetime=\"2020-09-06T08:38:35+02:00\" class=\"wp-block-latest-posts__post-date\">6. September 2020<\/time><div class=\"wp-block-latest-posts__post-excerpt\">Wir haben f\u00fcr euch auf einen Blick die wichtigsten Informationen rund um COVID-19 in Uganda zum Lockdown, zu den Zahlen und den Entscheidungen rund um das Bildungssystem zusammengefasst. (Stand September 2020)<\/div><\/li>\n<li><div class=\"wp-block-latest-posts__featured-image alignleft\"><a href=\"https:\/\/www.tu-to.org\/en\/food-distribution-programme\/\" aria-label=\"Food Distribution Prgoramme due to COVID19\"><img loading=\"lazy\" decoding=\"async\" width=\"150\" height=\"150\" src=\"https:\/\/www.tu-to.org\/wp-content\/uploads\/2020\/09\/Tugende-Together-Food-Distribution-Programme-150x150.jpg\" class=\"attachment-thumbnail size-thumbnail wp-post-image\" alt=\"\" style=\"\" srcset=\"https:\/\/www.tu-to.org\/wp-content\/uploads\/2020\/09\/Tugende-Together-Food-Distribution-Programme-150x150.jpg 150w, https:\/\/www.tu-to.org\/wp-content\/uploads\/2020\/09\/Tugende-Together-Food-Distribution-Programme-300x300.jpg 300w, https:\/\/www.tu-to.org\/wp-content\/uploads\/2020\/09\/Tugende-Together-Food-Distribution-Programme-50x50.jpg 50w, https:\/\/www.tu-to.org\/wp-content\/uploads\/2020\/09\/Tugende-Together-Food-Distribution-Programme.jpg 500w\" sizes=\"auto, (max-width: 150px) 100vw, 150px\" \/><\/a><\/div><a class=\"wp-block-latest-posts__post-title\" href=\"https:\/\/www.tu-to.org\/en\/food-distribution-programme\/\">Food Distribution Prgoramme due to COVID19<\/a><time datetime=\"2020-09-01T08:19:15+02:00\" class=\"wp-block-latest-posts__post-date\">1. September 2020<\/time><div class=\"wp-block-latest-posts__post-excerpt\">Noch bevor der erste COVID-19-Fall in Uganda verzeichnet wurde, hat Ugandas Pr\u00e4sident Museveni am 18. M\u00e4rz 2020 einen landesweiten Lockdown angeordnet. Schulen, Kinderg\u00e4rten und Internate mussten schlie\u00dfen und so auch vor\u00fcbergehend die TuTo Junior School.<\/div><\/li>\n<li><div class=\"wp-block-latest-posts__featured-image alignleft\"><a href=\"https:\/\/www.tu-to.org\/en\/time-to-celebrate\/\" aria-label=\"Time to celebrate!\"><img loading=\"lazy\" decoding=\"async\" width=\"150\" height=\"150\" src=\"https:\/\/www.tu-to.org\/wp-content\/uploads\/2020\/01\/83300629_2539068156328042_5917011607149346816_o-150x150.jpg\" class=\"attachment-thumbnail size-thumbnail wp-post-image\" alt=\"\" style=\"\" srcset=\"https:\/\/www.tu-to.org\/wp-content\/uploads\/2020\/01\/83300629_2539068156328042_5917011607149346816_o-150x150.jpg 150w, https:\/\/www.tu-to.org\/wp-content\/uploads\/2020\/01\/83300629_2539068156328042_5917011607149346816_o-50x50.jpg 50w\" sizes=\"auto, (max-width: 150px) 100vw, 150px\" \/><\/a><\/div><a class=\"wp-block-latest-posts__post-title\" href=\"https:\/\/www.tu-to.org\/en\/time-to-celebrate\/\">Time to celebrate!<\/a><time datetime=\"2020-01-19T11:19:12+01:00\" class=\"wp-block-latest-posts__post-date\">19. January 2020<\/time><div class=\"wp-block-latest-posts__post-excerpt\">Es gibt Neuigkeiten und Grund zum Feiern \u00a0Gerade ist die Pr\u00fcfungszeit vorbei und Tusiime Solomon ist eins der Kids aus dem TuTo Programm, die dieses Jahr ihre Volksschule abgeschlossen haben. Wir gratulieren allen Absolventinnen und Absolventen &#8211; ihr habt flei\u00dfig gelernt f\u00fcr euren Abschluss!<\/div><\/li>\n<li><div class=\"wp-block-latest-posts__featured-image alignleft\"><a href=\"https:\/\/www.tu-to.org\/en\/bilder-vom-fest-fuer-die-bildung\/\" aria-label=\"Celebration for education\"><img loading=\"lazy\" decoding=\"async\" width=\"150\" height=\"150\" src=\"https:\/\/www.tu-to.org\/wp-content\/uploads\/2019\/12\/78477154_2494435047458020_7940897134436417536_o-150x150.jpg\" class=\"attachment-thumbnail size-thumbnail wp-post-image\" alt=\"\" style=\"\" srcset=\"https:\/\/www.tu-to.org\/wp-content\/uploads\/2019\/12\/78477154_2494435047458020_7940897134436417536_o-150x150.jpg 150w, https:\/\/www.tu-to.org\/wp-content\/uploads\/2019\/12\/78477154_2494435047458020_7940897134436417536_o-800x800.jpg 800w, https:\/\/www.tu-to.org\/wp-content\/uploads\/2019\/12\/78477154_2494435047458020_7940897134436417536_o-50x50.jpg 50w\" sizes=\"auto, (max-width: 150px) 100vw, 150px\" \/><\/a><\/div><a class=\"wp-block-latest-posts__post-title\" href=\"https:\/\/www.tu-to.org\/en\/bilder-vom-fest-fuer-die-bildung\/\">Celebration for education<\/a><time datetime=\"2019-12-05T12:46:51+01:00\" class=\"wp-block-latest-posts__post-date\">5. December 2019<\/time><div class=\"wp-block-latest-posts__post-excerpt\">Die Er\u00f6ffnung der TuTo Junior School: ein Fest f\u00fcr die Bildung! Wir haben f\u00fcr euch einen kleinen Foto-R\u00fcckblick \u00fcber unseren Er\u00f6ffnungstag zusammengestellt und ja: In Uganda dauert eine solche Zeremonie den ganzen Tag! Aber bei den vielen Programmpunkten, schaut was es da alles gab<\/div><\/li>\n<li><div class=\"wp-block-latest-posts__featured-image alignleft\"><a href=\"https:\/\/www.tu-to.org\/en\/eroeffnung-der-tuto-junior-school\/\" aria-label=\"Opening of the TuTo Junior School\"><img loading=\"lazy\" decoding=\"async\" width=\"150\" height=\"150\" src=\"https:\/\/www.tu-to.org\/wp-content\/uploads\/2019\/11\/2Z4A1480_-150x150.jpg\" class=\"attachment-thumbnail size-thumbnail wp-post-image\" alt=\"\" style=\"\" srcset=\"https:\/\/www.tu-to.org\/wp-content\/uploads\/2019\/11\/2Z4A1480_-150x150.jpg 150w, https:\/\/www.tu-to.org\/wp-content\/uploads\/2019\/11\/2Z4A1480_-50x50.jpg 50w\" sizes=\"auto, (max-width: 150px) 100vw, 150px\" \/><\/a><\/div><a class=\"wp-block-latest-posts__post-title\" href=\"https:\/\/www.tu-to.org\/en\/eroeffnung-der-tuto-junior-school\/\">Opening of the TuTo Junior School<\/a><time datetime=\"2019-11-23T18:25:55+01:00\" class=\"wp-block-latest-posts__post-date\">23. November 2019<\/time><div class=\"wp-block-latest-posts__post-excerpt\">Am 23.11.2019 wurde \u00a0das Kindergartenprojekt \u201cTUTO Junior School\u201d in\u00a0Busesa in Ost-Uganda offiziell er\u00f6ffnet. Der Kindergarten ist der erste Teil des Campus, der um eine Volksschule und ein Internat erweitert werden soll.<\/div><\/li>\n<li><div class=\"wp-block-latest-posts__featured-image alignleft\"><a href=\"https:\/\/www.tu-to.org\/en\/der-countdown-laeuft\/\" aria-label=\"The countdown is on, &#8230;\"><img loading=\"lazy\" decoding=\"async\" width=\"150\" height=\"150\" src=\"https:\/\/www.tu-to.org\/wp-content\/uploads\/2019\/09\/WhatsApp-Image-2019-09-15-at-09.39.06-150x150.jpeg\" class=\"attachment-thumbnail size-thumbnail wp-post-image\" alt=\"\" style=\"\" srcset=\"https:\/\/www.tu-to.org\/wp-content\/uploads\/2019\/09\/WhatsApp-Image-2019-09-15-at-09.39.06-150x150.jpeg 150w, https:\/\/www.tu-to.org\/wp-content\/uploads\/2019\/09\/WhatsApp-Image-2019-09-15-at-09.39.06-50x50.jpeg 50w\" sizes=\"auto, (max-width: 150px) 100vw, 150px\" \/><\/a><\/div><a class=\"wp-block-latest-posts__post-title\" href=\"https:\/\/www.tu-to.org\/en\/der-countdown-laeuft\/\">The countdown is on, &#8230;<\/a><time datetime=\"2019-09-15T10:16:38+02:00\" class=\"wp-block-latest-posts__post-date\">15. September 2019<\/time><div class=\"wp-block-latest-posts__post-excerpt\">&#8230; unser Kindergarten wird Ende November ge\u00f6ffnet, genauer gesagt am Samstag, den 23.11. Ein paar der zuk\u00fcnftigen Besucher*innen haben schon vorbei geschaut um sich ein Bild von ihrer zuk\u00fcnftigen Ausbildungsst\u00e4tte zu machen.<\/div><\/li>\n<li><div class=\"wp-block-latest-posts__featured-image alignleft\"><a href=\"https:\/\/www.tu-to.org\/en\/visitation-day\/\" aria-label=\"Visitation Day\"><img loading=\"lazy\" decoding=\"async\" width=\"150\" height=\"150\" src=\"https:\/\/www.tu-to.org\/wp-content\/uploads\/2019\/07\/WhatsApp-Image-2019-07-12-at-08.51.25-150x150.jpeg\" class=\"attachment-thumbnail size-thumbnail wp-post-image\" alt=\"\" style=\"\" srcset=\"https:\/\/www.tu-to.org\/wp-content\/uploads\/2019\/07\/WhatsApp-Image-2019-07-12-at-08.51.25-150x150.jpeg 150w, https:\/\/www.tu-to.org\/wp-content\/uploads\/2019\/07\/WhatsApp-Image-2019-07-12-at-08.51.25-50x50.jpeg 50w\" sizes=\"auto, (max-width: 150px) 100vw, 150px\" \/><\/a><\/div><a class=\"wp-block-latest-posts__post-title\" href=\"https:\/\/www.tu-to.org\/en\/visitation-day\/\">Visitation Day<\/a><time datetime=\"2019-07-12T13:49:47+02:00\" class=\"wp-block-latest-posts__post-date\">12. July 2019<\/time><div class=\"wp-block-latest-posts__post-excerpt\">Es ist immer sch\u00f6n, nach unseren Kids zu schauen und sie in ihrem Lernumfeld zu erleben. Dabei konnten wir auch dieses Mal die Chance nutzen, mit unseren Patenkindern zu sprechen, zuzuh\u00f6ren was sie bewegt und \u00fcber ihre Pl\u00e4ne und Vorhaben zu sprechen.<\/div><\/li>\n<\/ul>","protected":false},"excerpt":{"rendered":"","protected":false},"author":1,"featured_media":0,"parent":0,"menu_order":0,"comment_status":"closed","ping_status":"closed","template":"fullwidth-page.php","meta":{"footnotes":""},"class_list":["post-3150","page","type-page","status-publish","hentry"],"translation":{"provider":"WPGlobus","version":"3.0.0","language":"en","enabled_languages":["de","en"],"languages":{"de":{"title":true,"content":true,"excerpt":false},"en":{"title":true,"content":true,"excerpt":false}}},"_links":{"self":[{"href":"https:\/\/www.tu-to.org\/en\/wp-json\/wp\/v2\/pages\/3150","targetHints":{"allow":["GET"]}}],"collection":[{"href":"https:\/\/www.tu-to.org\/en\/wp-json\/wp\/v2\/pages"}],"about":[{"href":"https:\/\/www.tu-to.org\/en\/wp-json\/wp\/v2\/types\/page"}],"author":[{"embeddable":true,"href":"https:\/\/www.tu-to.org\/en\/wp-json\/wp\/v2\/users\/1"}],"replies":[{"embeddable":true,"href":"https:\/\/www.tu-to.org\/en\/wp-json\/wp\/v2\/comments?post=3150"}],"version-history":[{"count":7,"href":"https:\/\/www.tu-to.org\/en\/wp-json\/wp\/v2\/pages\/3150\/revisions"}],"predecessor-version":[{"id":3161,"href":"https:\/\/www.tu-to.org\/en\/wp-json\/wp\/v2\/pages\/3150\/revisions\/3161"}],"wp:attachment":[{"href":"https:\/\/www.tu-to.org\/en\/wp-json\/wp\/v2\/media?parent=3150"}],"curies":[{"name":"wp","href":"https:\/\/api.w.org\/{rel}","templated":true}]}}